{"id":219,"date":"2016-02-24T11:08:46","date_gmt":"2016-02-24T11:08:46","guid":{"rendered":"http:\/\/www.fdignasidegispert.cat\/?page_id=219&#038;lang=es"},"modified":"2022-02-24T13:28:49","modified_gmt":"2022-02-24T12:28:49","slug":"avisos-legales","status":"publish","type":"page","link":"https:\/\/www.fdignasidegispert.cat\/es\/avisos-legales\/","title":{"rendered":"Avisos legales"},"content":{"rendered":"<style type=\"text\/css\"><\/style><p style=\"text-align: justify;\"><span style=\"font-size: 12pt; font-family: tahoma,arial,helvetica,sans-serif;\"><br \/>\nEn virtud de la Ley 34\/2002 de Servicios de la Sociedad de la Informaci\u00f3n y del Comercio Electr\u00f3nico, le informamos que esta p\u00e1gina Web es propiedad de la Fundaci\u00f3 privada deg\u00e0 Ignasi de Gispert, en adelante La Fundaci\u00f3n, con domicilio c \/ Mallorca 281 , planta baja 08037 Barcelona en con NIF n\u00fam. G62025226.<\/span><\/p>\n<p style=\"text-align: justify;\"><span style=\"font-size: 12pt; font-family: tahoma,arial,helvetica,sans-serif;\">Para cualquier consulta o propuesta cont\u00e1ctenos al email <a href=\"mailto:fundacio@icab.cat\">fundacio@icab.cat<\/a> o al tel\u00e9fono 93 496 18 80 Ext. 5050.<\/span><\/p>\n<p style=\"text-align: justify;\"><span style=\"font-size: 12pt; font-family: tahoma,arial,helvetica,sans-serif;\">El acceso a nuestra p\u00e1gina Web por parte del USUARIO es gratuito y est\u00e1 condicionado a la previa lectura y aceptaci\u00f3n \u00edntegra, expresa y sin reservas de las presentes <strong> CU vigentes en el momento del acceso, que rogamos lea detenidamente. El USUARIO en el momento en que utilice nuestro portal, sus contenidos o servicios, <strong> acepta y se somete expresamente a las condiciones generales de uso del mismo . Si el usuario no estuviera de acuerdo con las presentes condiciones de uso deber\u00e1 abstenerse de utilizar este portal y operar por medio del mismo.<\/strong><\/strong><\/span><\/p>\n<p style=\"text-align: justify;\"><span style=\"font-size: 12pt; font-family: tahoma,arial,helvetica,sans-serif;\">Nuestra p\u00e1gina web tiene por objeto crear un canal de comunicaci\u00f3n as\u00ed como ofrecer diversas informaciones, contenidos y noticias relacionadas con la Fundaci\u00f3n.<\/span><\/p>\n<p style=\"text-align: justify;\"><span style=\"font-size: 12pt; font-family: tahoma,arial,helvetica,sans-serif;\">En cualquier momento podremos modificar la presentaci\u00f3n y configuraci\u00f3n de nuestra Web, ampliar o reducir servicios e incluso suprimirla de la red, as\u00ed como los servicios y contenidos prestados, todo de forma unilateral y sin previo aviso.<\/span><\/p>\n<p style=\"text-align: justify;\"><span style=\"font-size: 12pt; font-family: tahoma,arial,helvetica,sans-serif;\">Esta web se rige por la normativa exclusivamente aplicable en Espa\u00f1a quedando sometida a ella, tanto nacionales como extranjeros que utilicen esta Web.<\/span><\/p>\n<div><span style=\"font-size: 12pt; font-family: tahoma,arial,helvetica,sans-serif;\"><span style=\"font-size: 12pt; font-family: tahoma,arial,helvetica,sans-serif;\"><span style=\"font-size: 12pt; font-family: tahoma,arial,helvetica,sans-serif;\"><strong><strong><br \/>\nA. <strong>PROPIEDAD INTELECTUAL<\/strong><\/strong><\/strong><\/span><\/span><\/span><\/p>\n<p style=\"text-align: justify;\"><span style=\"font-size: 12pt; font-family: tahoma,arial,helvetica,sans-serif;\">Todos los contenidos, textos, im\u00e1genes y c\u00f3digos fuente son propiedad de la Fundaci\u00f3n o de terceros a los que se les ha adquirido sus derechos de explotaci\u00f3n, y est\u00e1n protegidos por los derechos de Propiedad Intelectual.<\/span><\/p>\n<p><span style=\"font-size: 12pt; font-family: tahoma,arial,helvetica,sans-serif;\">El usuario \u00fanicamente tiene derecho a un uso privado de los mismos, sin \u00e1nimo de lucro, y necesita autorizaci\u00f3n expresa de la Fundaci\u00f3n para modificarlos, reproducirlos, explotarlos, distribuirlos y especialmente comercializarlos o hacer uso de cualquier derecho perteneciente a su titular.<\/span><span style=\"font-size: 12pt; font-family: tahoma,arial,helvetica,sans-serif;\">El establecimiento de enlaces a nuestro portal no confiere ning\u00fan derecho sobre el mismo y se autoriza exclusivamente a permitir el acceso a nuestra web, quedando prohibida en otras p\u00e1ginas la reproducci\u00f3n total o parcial de las im\u00e1genes y contenidos de nuestro portal. Sin embargo, el simple hecho de establecer un enlace a nuestra p\u00e1gina web no da derecho a otorgarse la categor\u00eda de colaborador o socio de la Fundaci\u00f3n.<\/span><span style=\"font-size: 12pt; font-family: tahoma,arial,helvetica,sans-serif;\">Est\u00e1 absolutamente prohibida la imitaci\u00f3n ya sea total o parcial de nuestro portal.<\/span><\/p>\n<p style=\"text-align: justify;\"><span style=\"font-size: 12pt; font-family: tahoma,arial,helvetica,sans-serif;\"><strong><br \/>\nB. <strong> CONDICIONES DE ACCESO <\/strong><\/strong><\/span><\/p>\n<p style=\"text-align: justify;\"><span style=\"font-size: 12pt; font-family: tahoma,arial,helvetica,sans-serif;\">El acceso a nuestra p\u00e1gina Web es gratuito y no exige previa suscripci\u00f3n o registro.<\/span><\/p>\n<p style=\"text-align: justify;\"><span style=\"font-size: 12pt; font-family: tahoma,arial,helvetica,sans-serif;\">El usuario debe acceder a nuestra p\u00e1gina Web conforme a la buena fe, las normas de orden p\u00fablico y en las presentes condiciones generales de uso. El acceso a nuestra Web se realiza bajo la propia y exclusiva responsabilidad del usuario que responder\u00e1, en cualquier caso, de los da\u00f1os y perjuicios que pueda causar a terceros oa nosotros mismos<\/span><\/p>\n<p style=\"text-align: justify;\"><span style=\"font-size: 12pt; font-family: tahoma,arial,helvetica,sans-serif;\">El usuario tiene expresamente prohibido la utilizaci\u00f3n y obtenci\u00f3n de los servicios y contenidos ofrecidos en la presente p\u00e1gina web, por procedimientos distintos a los estipulados en las presentes condiciones de uso, y en su caso, a las condiciones particulares que regulen la adquisici\u00f3n de determinados servicios.<\/span><\/p>\n<p style=\"text-align: justify;\"><span style=\"font-size: 12pt; font-family: tahoma,arial,helvetica,sans-serif;\">Dada la imposibilidad de control respecto a la informaci\u00f3n, contenidos y servicios que contengan otras websites a los que se pueda acceder a trav\u00e9s de los enlaces que nuestra p\u00e1gina web ponga a su disposici\u00f3n, le comunicamos que la Fundaci\u00f3n queda eximida de cualquier responsabilidad por los da\u00f1os y perjuicios de toda clase que pudieran derivarse por el uso de esas p\u00e1ginas web ajenas a nuestra empresa por parte del usuario, al que recomendamos que lea los avisos legales que regulen todas las webs.<\/span><\/p>\n<p style=\"text-align: justify;\"><span style=\"font-size: 12pt; font-family: tahoma,arial,helvetica,sans-serif;\">la Fundaci\u00f3n se reserva el derecho de ejercitar las acciones legales oportunas contra aquellos USUARIOS que vulneren las presentes condiciones generales de uso, aceptando el USUARIO que la no iniciaci\u00f3n de estas acciones no constituye una renuncia formal a los mismas, permaneciendo \u00e9stas vigentes hasta los plazos de prescripci\u00f3n de las infracciones. <\/span><\/p>\n<p style=\"text-align: justify;\"><span style=\"font-size: 12pt; font-family: tahoma,arial,helvetica,sans-serif;\">\u00a0<\/span><\/p>\n<div style=\"text-align: justify;\"><span style=\"font-size: 12pt; font-family: tahoma,arial,helvetica,sans-serif;\"><span style=\"font-size: 12pt; font-family: tahoma,arial,helvetica,sans-serif;\"><span style=\"font-size: 12pt; font-family: tahoma,arial,helvetica,sans-serif;\"><strong><strong>C. RESPONSABILIDADES<\/strong><\/strong><\/span><\/span><\/span><\/div>\n<div style=\"text-align: justify;\">\n<p><span style=\"font-size: 12pt; font-family: tahoma,arial,helvetica,sans-serif;\">Al poner a disposici\u00f3n del usuario esta p\u00e1gina Web queremos ofrecerle toda una serie de contenidos y servicios de calidad, utilizando la m\u00e1xima diligencia en la prestaci\u00f3n de los mismos as\u00ed como en los medios tecnol\u00f3gicos utilizados. No obstante, no responderemos de la presencia de virus u otros elementos que de alg\u00fan modo puedan da\u00f1ar el sistema inform\u00e1tico del usuario.<\/span><span style=\"font-size: 12pt; font-family: tahoma,arial,helvetica,sans-serif;\">El usuario se compromete a no poner en peligro el buen funcionamiento de nuestra p\u00e1gina web, sus sistemas inform\u00e1ticos ni sus recursos tecnol\u00f3gicos, y no interferir en la correcta utilizaci\u00f3n de estos sistemas y recursos puestos a disposici\u00f3n del USUARIO.<\/span><span style=\"font-size: 12pt; font-family: tahoma,arial,helvetica,sans-serif;\">El usuario asume toda la responsabilidad derivada del uso de nuestra p\u00e1gina web, siendo el \u00fanico responsable de todo efecto directo o indirecto que se derive sobre la p\u00e1gina web, incluyendo, de forma enunciativa y no limitativa, todo resultado econ\u00f3mico, t\u00e9cnico y \/ o jur\u00eddico adverso, as\u00ed como el no logro de las expectativas generadas por nuestro portal, oblig\u00e1ndose el usuario a mantener indemne a la Fundaci\u00f3n por cualesquiera reclamaciones derivadas, directa o indirectamente, de estos hechos.<\/span><span style=\"font-size: 12pt; font-family: tahoma,arial,helvetica,sans-serif;\">La Fundaci\u00f3n no garantiza la exactitud, veracidad y vigencia de los contenidos de esta p\u00e1gina web, ya sean propios, de terceros, o enlazables a otras web sites, quedando totalmente exonerada de cualquier responsabilidad derivada del uso de los mismos.<\/span><\/p>\n<p style=\"text-align: justify;\"><span style=\"font-size: 12pt; font-family: tahoma,arial,helvetica,sans-serif;\">El USUARIO reconoce que ha entendido toda la informaci\u00f3n respecto a las condiciones de uso de nuestro portal, y reconoce que son suficientes para la exclusi\u00f3n del error en las mismas, y por tanto, las acepta integra y expresamente.<\/span><\/p>\n<p style=\"text-align: justify;\"><span style=\"font-size: 12pt; font-family: tahoma,arial,helvetica,sans-serif;\">El USUARIO es plenamente consciente de que la mera navegaci\u00f3n por la presente p\u00e1gina web, as\u00ed como la utilizaci\u00f3n de sus servicios, implica la aceptaci\u00f3n de las presentes condiciones de uso.<\/span><\/p>\n<p style=\"text-align: justify;\"><span style=\"font-size: 12pt; font-family: tahoma,arial,helvetica,sans-serif;\">Todo lo referente a nuestra p\u00e1gina web, se rige exclusivamente por las leyes espa\u00f1olas. En el caso de que se produzca cualquier tipo de discrepancia o diferencia entre las partes en la relaci\u00f3n con la interpretaci\u00f3n y contenido de la presente p\u00e1gina web, todas se someten, con renuncia expresa a cualquier otro fuero, a los Juzgados y Tribunales de Barcelona.<\/span><\/p>\n<p style=\"text-align: justify;\"><span style=\"font-size: 12pt; font-family: tahoma,arial,helvetica,sans-serif;\"><strong><br \/>\nD. VIGENCIA DE LAS CONDICIONES GENERALES DE USO <\/strong><\/span><\/p>\n<p style=\"text-align: justify;\"><span style=\"font-size: 12pt; font-family: tahoma,arial,helvetica,sans-serif;\">Las presentes Condiciones Generales de Uso han sido establecidas con fecha 01\/03\/2016. En cualquier momento podemos proceder a su modificaci\u00f3n: por favor compruebe la fecha de emisi\u00f3n cada vez que se conecte a la p\u00e1gina web y as\u00ed tendr\u00e1 la certeza de que no se ha producido modificaci\u00f3n alguna que le afecte<\/span><\/p>\n<\/div>\n<\/div>\n","protected":false},"excerpt":{"rendered":"<p>En virtud de la Ley 34\/2002 de Servicios de la Sociedad de la Informaci\u00f3n y del Comercio Electr\u00f3nico, le informamos que esta p\u00e1gina Web es propiedad de la Fundaci\u00f3 privada&#8230;<\/p>\n","protected":false},"author":6,"featured_media":0,"parent":0,"menu_order":0,"comment_status":"closed","ping_status":"closed","template":"","meta":{"footnotes":""},"class_list":["post-219","page","type-page","status-publish","hentry"],"yoast_head":"<!-- This site is optimized with the Yoast SEO plugin v27.4 - https:\/\/yoast.com\/product\/yoast-seo-wordpress\/ -->\n<title>Avisos legales - Fundaci\u00f3 privada deg\u00e0 Ignasi de Gispert<\/title>\n<meta name=\"robots\" content=\"index, follow, max-snippet:-1, max-image-preview:large, max-video-preview:-1\" \/>\n<link rel=\"canonical\" href=\"https:\/\/www.fdignasidegispert.cat\/es\/avisos-legales\/\" \/>\n<meta property=\"og:locale\" content=\"es_ES\" \/>\n<meta property=\"og:type\" content=\"article\" \/>\n<meta property=\"og:title\" content=\"Avisos legales - Fundaci\u00f3 privada deg\u00e0 Ignasi de Gispert\" \/>\n<meta property=\"og:description\" content=\"En virtud de la Ley 34\/2002 de Servicios de la Sociedad de la Informaci\u00f3n y del Comercio Electr\u00f3nico, le informamos que esta p\u00e1gina Web es propiedad de la Fundaci\u00f3 privada...\" \/>\n<meta property=\"og:url\" content=\"https:\/\/www.fdignasidegispert.cat\/es\/avisos-legales\/\" \/>\n<meta property=\"og:site_name\" content=\"Fundaci\u00f3 privada deg\u00e0 Ignasi de Gispert\" \/>\n<meta property=\"article:modified_time\" content=\"2022-02-24T12:28:49+00:00\" \/>\n<meta name=\"twitter:card\" content=\"summary_large_image\" \/>\n<meta name=\"twitter:label1\" content=\"Tiempo de lectura\" \/>\n\t<meta name=\"twitter:data1\" content=\"6 minutos\" \/>\n<script type=\"application\/ld+json\" class=\"yoast-schema-graph\">{\"@context\":\"https:\\\/\\\/schema.org\",\"@graph\":[{\"@type\":\"WebPage\",\"@id\":\"https:\\\/\\\/www.fdignasidegispert.cat\\\/es\\\/avisos-legales\\\/\",\"url\":\"https:\\\/\\\/www.fdignasidegispert.cat\\\/es\\\/avisos-legales\\\/\",\"name\":\"Avisos legales - Fundaci\u00f3 privada deg\u00e0 Ignasi de Gispert\",\"isPartOf\":{\"@id\":\"https:\\\/\\\/www.fdignasidegispert.cat\\\/#website\"},\"datePublished\":\"2016-02-24T11:08:46+00:00\",\"dateModified\":\"2022-02-24T12:28:49+00:00\",\"breadcrumb\":{\"@id\":\"https:\\\/\\\/www.fdignasidegispert.cat\\\/es\\\/avisos-legales\\\/#breadcrumb\"},\"inLanguage\":\"es\",\"potentialAction\":[{\"@type\":\"ReadAction\",\"target\":[\"https:\\\/\\\/www.fdignasidegispert.cat\\\/es\\\/avisos-legales\\\/\"]}]},{\"@type\":\"BreadcrumbList\",\"@id\":\"https:\\\/\\\/www.fdignasidegispert.cat\\\/es\\\/avisos-legales\\\/#breadcrumb\",\"itemListElement\":[{\"@type\":\"ListItem\",\"position\":1,\"name\":\"Inici\",\"item\":\"https:\\\/\\\/www.fdignasidegispert.cat\\\/es\\\/\"},{\"@type\":\"ListItem\",\"position\":2,\"name\":\"Avisos legales\"}]},{\"@type\":\"WebSite\",\"@id\":\"https:\\\/\\\/www.fdignasidegispert.cat\\\/#website\",\"url\":\"https:\\\/\\\/www.fdignasidegispert.cat\\\/\",\"name\":\"Fundaci\u00f3 privada deg\u00e0 Ignasi de Gispert\",\"description\":\"\",\"publisher\":{\"@id\":\"https:\\\/\\\/www.fdignasidegispert.cat\\\/#organization\"},\"potentialAction\":[{\"@type\":\"SearchAction\",\"target\":{\"@type\":\"EntryPoint\",\"urlTemplate\":\"https:\\\/\\\/www.fdignasidegispert.cat\\\/?s={search_term_string}\"},\"query-input\":{\"@type\":\"PropertyValueSpecification\",\"valueRequired\":true,\"valueName\":\"search_term_string\"}}],\"inLanguage\":\"es\"},{\"@type\":\"Organization\",\"@id\":\"https:\\\/\\\/www.fdignasidegispert.cat\\\/#organization\",\"name\":\"Fundaci\u00f3 privada deg\u00e0 Ignasi de Gispert\",\"url\":\"https:\\\/\\\/www.fdignasidegispert.cat\\\/\",\"logo\":{\"@type\":\"ImageObject\",\"inLanguage\":\"es\",\"@id\":\"https:\\\/\\\/www.fdignasidegispert.cat\\\/#\\\/schema\\\/logo\\\/image\\\/\",\"url\":\"https:\\\/\\\/www.fdignasidegispert.cat\\\/wp-content\\\/uploads\\\/2016\\\/12\\\/LogotipFundacioIgnasiDeGispert-1.jpg\",\"contentUrl\":\"https:\\\/\\\/www.fdignasidegispert.cat\\\/wp-content\\\/uploads\\\/2016\\\/12\\\/LogotipFundacioIgnasiDeGispert-1.jpg\",\"width\":174,\"height\":174,\"caption\":\"Fundaci\u00f3 privada deg\u00e0 Ignasi de Gispert\"},\"image\":{\"@id\":\"https:\\\/\\\/www.fdignasidegispert.cat\\\/#\\\/schema\\\/logo\\\/image\\\/\"}}]}<\/script>\n<!-- \/ Yoast SEO plugin. -->","yoast_head_json":{"title":"Avisos legales - Fundaci\u00f3 privada deg\u00e0 Ignasi de Gispert","robots":{"index":"index","follow":"follow","max-snippet":"max-snippet:-1","max-image-preview":"max-image-preview:large","max-video-preview":"max-video-preview:-1"},"canonical":"https:\/\/www.fdignasidegispert.cat\/es\/avisos-legales\/","og_locale":"es_ES","og_type":"article","og_title":"Avisos legales - Fundaci\u00f3 privada deg\u00e0 Ignasi de Gispert","og_description":"En virtud de la Ley 34\/2002 de Servicios de la Sociedad de la Informaci\u00f3n y del Comercio Electr\u00f3nico, le informamos que esta p\u00e1gina Web es propiedad de la Fundaci\u00f3 privada...","og_url":"https:\/\/www.fdignasidegispert.cat\/es\/avisos-legales\/","og_site_name":"Fundaci\u00f3 privada deg\u00e0 Ignasi de Gispert","article_modified_time":"2022-02-24T12:28:49+00:00","twitter_card":"summary_large_image","twitter_misc":{"Tiempo de lectura":"6 minutos"},"schema":{"@context":"https:\/\/schema.org","@graph":[{"@type":"WebPage","@id":"https:\/\/www.fdignasidegispert.cat\/es\/avisos-legales\/","url":"https:\/\/www.fdignasidegispert.cat\/es\/avisos-legales\/","name":"Avisos legales - Fundaci\u00f3 privada deg\u00e0 Ignasi de Gispert","isPartOf":{"@id":"https:\/\/www.fdignasidegispert.cat\/#website"},"datePublished":"2016-02-24T11:08:46+00:00","dateModified":"2022-02-24T12:28:49+00:00","breadcrumb":{"@id":"https:\/\/www.fdignasidegispert.cat\/es\/avisos-legales\/#breadcrumb"},"inLanguage":"es","potentialAction":[{"@type":"ReadAction","target":["https:\/\/www.fdignasidegispert.cat\/es\/avisos-legales\/"]}]},{"@type":"BreadcrumbList","@id":"https:\/\/www.fdignasidegispert.cat\/es\/avisos-legales\/#breadcrumb","itemListElement":[{"@type":"ListItem","position":1,"name":"Inici","item":"https:\/\/www.fdignasidegispert.cat\/es\/"},{"@type":"ListItem","position":2,"name":"Avisos legales"}]},{"@type":"WebSite","@id":"https:\/\/www.fdignasidegispert.cat\/#website","url":"https:\/\/www.fdignasidegispert.cat\/","name":"Fundaci\u00f3 privada deg\u00e0 Ignasi de Gispert","description":"","publisher":{"@id":"https:\/\/www.fdignasidegispert.cat\/#organization"},"potentialAction":[{"@type":"SearchAction","target":{"@type":"EntryPoint","urlTemplate":"https:\/\/www.fdignasidegispert.cat\/?s={search_term_string}"},"query-input":{"@type":"PropertyValueSpecification","valueRequired":true,"valueName":"search_term_string"}}],"inLanguage":"es"},{"@type":"Organization","@id":"https:\/\/www.fdignasidegispert.cat\/#organization","name":"Fundaci\u00f3 privada deg\u00e0 Ignasi de Gispert","url":"https:\/\/www.fdignasidegispert.cat\/","logo":{"@type":"ImageObject","inLanguage":"es","@id":"https:\/\/www.fdignasidegispert.cat\/#\/schema\/logo\/image\/","url":"https:\/\/www.fdignasidegispert.cat\/wp-content\/uploads\/2016\/12\/LogotipFundacioIgnasiDeGispert-1.jpg","contentUrl":"https:\/\/www.fdignasidegispert.cat\/wp-content\/uploads\/2016\/12\/LogotipFundacioIgnasiDeGispert-1.jpg","width":174,"height":174,"caption":"Fundaci\u00f3 privada deg\u00e0 Ignasi de Gispert"},"image":{"@id":"https:\/\/www.fdignasidegispert.cat\/#\/schema\/logo\/image\/"}}]}},"_links":{"self":[{"href":"https:\/\/www.fdignasidegispert.cat\/es\/wp-json\/wp\/v2\/pages\/219","targetHints":{"allow":["GET"]}}],"collection":[{"href":"https:\/\/www.fdignasidegispert.cat\/es\/wp-json\/wp\/v2\/pages"}],"about":[{"href":"https:\/\/www.fdignasidegispert.cat\/es\/wp-json\/wp\/v2\/types\/page"}],"author":[{"embeddable":true,"href":"https:\/\/www.fdignasidegispert.cat\/es\/wp-json\/wp\/v2\/users\/6"}],"replies":[{"embeddable":true,"href":"https:\/\/www.fdignasidegispert.cat\/es\/wp-json\/wp\/v2\/comments?post=219"}],"version-history":[{"count":12,"href":"https:\/\/www.fdignasidegispert.cat\/es\/wp-json\/wp\/v2\/pages\/219\/revisions"}],"predecessor-version":[{"id":2093,"href":"https:\/\/www.fdignasidegispert.cat\/es\/wp-json\/wp\/v2\/pages\/219\/revisions\/2093"}],"wp:attachment":[{"href":"https:\/\/www.fdignasidegispert.cat\/es\/wp-json\/wp\/v2\/media?parent=219"}],"curies":[{"name":"wp","href":"https:\/\/api.w.org\/{rel}","templated":true}]}}